{"id":144,"date":"2021-11-03T10:07:46","date_gmt":"2021-11-03T09:07:46","guid":{"rendered":"http:\/\/asma-51.fr\/?page_id=144"},"modified":"2026-02-12T14:42:47","modified_gmt":"2026-02-12T13:42:47","slug":"votre-asma","status":"publish","type":"page","link":"https:\/\/asma-51.fr\/index.php\/votre-asma\/","title":{"rendered":"Votre ASMA"},"content":{"rendered":"\n<h3 class=\"wp-block-heading\">Composition du bureau<\/h3>\n\n\n\n<figure class=\"wp-block-table\"><table><tbody><tr><td><strong>Pr\u00e9sident<\/strong><\/td><td>Aur\u00e9lien POULOT<\/td><\/tr><tr><td><strong>Vice-pr\u00e9sidente<\/strong><\/td><td>Val\u00e9rie PETIT<\/td><\/tr><tr><td><strong>Vice-pr\u00e9sidente<\/strong><\/td><td>Isabelle DE MAURAIGE<\/td><\/tr><tr><td><strong>Secr\u00e9taire<\/strong><\/td><td>Martine DORANGE<\/td><\/tr><tr><td><strong>Tr\u00e9sori\u00e8re<\/strong><\/td><td>Marion DA CUNHA LOBO<\/td><\/tr><tr><td><strong>Tr\u00e9sorier adjoint<\/strong><\/td><td>David BERTASO<\/td><\/tr><tr><td><strong>Administrateur correspondant des b\u00e9n\u00e9ficiaires retrait\u00e9s<\/strong><\/td><td>Bruno DESPAGNE<\/td><\/tr><\/tbody><\/table><\/figure>\n\n\n\n<h3 class=\"wp-block-heading\">Correspondants dans les structures<\/h3>\n\n\n\n<figure class=\"wp-block-table is-style-stripes\"><table><tbody><tr><td class=\"has-text-align-center\" data-align=\"center\"><strong>Structure<\/strong><\/td><td class=\"has-text-align-center\" data-align=\"center\"><strong>Correspondant<\/strong><\/td><td class=\"has-text-align-center\" data-align=\"center\"><strong>Email<\/strong><\/td><\/tr><tr><td class=\"has-text-align-center\" data-align=\"center\">ASP<\/td><td class=\"has-text-align-center\" data-align=\"center\">Catherine GUILLEMIN<br>Laurence HURAUX BASTIEN<br>Antoine RICAULT<\/td><td class=\"has-text-align-center\" data-align=\"center\">catherine.guillemin@asp-public.fr <br>laurence.huraux@asp-public.fr <br>antoine.ricault@asp-public.fr<\/td><\/tr><tr><td class=\"has-text-align-center\" data-align=\"center\">DDETSPP 51<\/td><td class=\"has-text-align-center\" data-align=\"center\">Manuel GIL<br>Val\u00e9rie PETIT<\/td><td class=\"has-text-align-center\" data-align=\"center\">manuel.gil@marne.gouv.fr <br>valerie-e.petit@marne.gouv.fr<\/td><\/tr><tr><td class=\"has-text-align-center\" data-align=\"center\">DDT 51 <\/td><td class=\"has-text-align-center\" data-align=\"center\">Marion DA CUNHA LOBO<\/td><td class=\"has-text-align-center\" data-align=\"center\">marion.da-cunha-lobo@marne.gouv.fr<\/td><\/tr><tr><td class=\"has-text-align-center\" data-align=\"center\">DRAAF<\/td><td class=\"has-text-align-center\" data-align=\"center\">Isabelle DE MAURAIGE<br>Aur\u00e9lien POULOT<\/td><td class=\"has-text-align-center\" data-align=\"center\">isabelle.de-mauraige@agriculture.gouv.fr<br>aurelien.poulot@agriculture.gouv.fr<\/td><\/tr><tr><td class=\"has-text-align-center\" data-align=\"center\">DREAL<\/td><td class=\"has-text-align-center\" data-align=\"center\">Muriel ROBIN<br>Sandrine CRESPO<br>Thomas PRIAM<\/td><td class=\"has-text-align-center\" data-align=\"center\">muriel.robin@developpement-durable.gouv.fr<br>sandrine.crespo@developpement-durable.gouv.fr<br>thomas.priam@developpement-durable.gouv.fr<\/td><\/tr><tr><td class=\"has-text-align-center\" data-align=\"center\">EPLEFPA &amp; LEGTA Avize<\/td><td class=\"has-text-align-center\" data-align=\"center\">Karine DOMONT <br>Sylvie LANGLOIS<\/td><td class=\"has-text-align-center\" data-align=\"center\">karine.domont@educagri.fr <br>sylvie.langlois@avizeviticampus.fr<\/td><\/tr><tr><td class=\"has-text-align-center\" data-align=\"center\">EPLEFPA &amp; LEGTA <br>Ch\u00e2lons-en-Champagne<\/td><td class=\"has-text-align-center\" data-align=\"center\">Christelle WOLFART<\/td><td class=\"has-text-align-center\" data-align=\"center\">&nbsp;christelle.wolfart@educagri.fr<\/td><\/tr><tr><td class=\"has-text-align-center\" data-align=\"center\">Retrait\u00e9s<\/td><td class=\"has-text-align-center\" data-align=\"center\">Bruno DESPAGNE<\/td><td class=\"has-text-align-center\" data-align=\"center\">asma51retraite@gmail.com<\/td><\/tr><\/tbody><\/table><figcaption class=\"wp-element-caption\">Pour les agents issus d&rsquo;AESN, VNF et autres structures&nbsp; : asma51.draaf-grand-est@agriculture.gouv.fr<\/figcaption><\/figure>\n\n\n\n<p><\/p>\n\n\n\n<h3 class=\"wp-block-heading\">Qui est b\u00e9n\u00e9ficiaire de l&rsquo;ASMA ? <\/h3>\n\n\n\n<div data-wp-interactive=\"core\/file\" class=\"wp-block-file\"><object data-wp-bind--hidden=\"!state.hasPdfPreview\" hidden class=\"wp-block-file__embed\" data=\"http:\/\/asma-51.fr\/wp-content\/uploads\/2023\/06\/ASMA_NATIONALE_BENEFICIAIRES_2023.pdf\" type=\"application\/pdf\" style=\"width:100%;height:600px\" aria-label=\"Contenu embarqu\u00e9 ASMA_NATIONALE_BENEFICIAIRES_2023.\"><\/object><a id=\"wp-block-file--media-42abf81c-e311-4ded-8879-c524b5b2d7ae\" href=\"http:\/\/asma-51.fr\/wp-content\/uploads\/2023\/06\/ASMA_NATIONALE_BENEFICIAIRES_2023.pdf\">ASMA_NATIONALE_BENEFICIAIRES_2023<\/a><a href=\"http:\/\/asma-51.fr\/wp-content\/uploads\/2023\/06\/ASMA_NATIONALE_BENEFICIAIRES_2023.pdf\" class=\"wp-block-file__button wp-element-button\" download aria-describedby=\"wp-block-file--media-42abf81c-e311-4ded-8879-c524b5b2d7ae\">T\u00e9l\u00e9charger<\/a><\/div>\n\n\n\n<p><\/p>\n\n\n\n<h3 class=\"wp-block-heading\">Assembl\u00e9es G\u00e9n\u00e9rales<\/h3>\n\n\n\n<p>Prochaine AG : 29 mai 2026 (date pr\u00e9visionnelle)<\/p>\n\n\n\n<p>Derni\u00e8re AG : 1er d\u00e9cembre 2022<br>(DRAC Grand Est, 51000 CHALONS-EN-CHAMPAGNE)<\/p>\n","protected":false},"excerpt":{"rendered":"<p>Composition du bureau Pr\u00e9sident Aur\u00e9lien POULOT Vice-pr\u00e9sidente Val\u00e9rie PETIT Vice-pr\u00e9sidente Isabelle DE MAURAIGE Secr\u00e9taire Martine DORANGE Tr\u00e9sori\u00e8re Marion DA CUNHA LOBO Tr\u00e9sorier adjoint David BERTASO Administrateur correspondant des b\u00e9n\u00e9ficiaires retrait\u00e9s Bruno DESPAGNE Correspondants dans les structures Structure Correspondant Email ASP Catherine GUILLEMINLaurence HURAUX BASTIENAntoine RICAULT catherine.guillemin@asp-public.fr laurence.huraux@asp-public.fr antoine.ricault@asp-public.fr DDETSPP 51 Manuel GILVal\u00e9rie PETIT manuel.gil@marne.gouv.fr valerie-e.petit@marne.gouv.fr &hellip; <a href=\"https:\/\/asma-51.fr\/index.php\/votre-asma\/\" class=\"more-link\">Continuer la lecture de <span class=\"screen-reader-text\">Votre ASMA<\/span> <span class=\"meta-nav\">&rarr;<\/span><\/a><\/p>\n","protected":false},"author":1,"featured_media":0,"parent":0,"menu_order":0,"comment_status":"closed","ping_status":"closed","template":"","meta":{"footnotes":""},"class_list":["post-144","page","type-page","status-publish","hentry"],"yoast_head":"<!-- This site is optimized with the Yoast SEO plugin v24.9 - https:\/\/yoast.com\/wordpress\/plugins\/seo\/ -->\n<title>Votre ASMA - ASMA de la Marne<\/title>\n<meta name=\"robots\" content=\"index, follow, max-snippet:-1, max-image-preview:large, max-video-preview:-1\" \/>\n<link rel=\"canonical\" href=\"https:\/\/asma-51.fr\/index.php\/votre-asma\/\" \/>\n<meta property=\"og:locale\" content=\"fr_FR\" \/>\n<meta property=\"og:type\" content=\"article\" \/>\n<meta property=\"og:title\" content=\"Votre ASMA - ASMA de la Marne\" \/>\n<meta property=\"og:description\" content=\"Composition du bureau Pr\u00e9sident Aur\u00e9lien POULOT Vice-pr\u00e9sidente Val\u00e9rie PETIT Vice-pr\u00e9sidente Isabelle DE MAURAIGE Secr\u00e9taire Martine DORANGE Tr\u00e9sori\u00e8re Marion DA CUNHA LOBO Tr\u00e9sorier adjoint David BERTASO Administrateur correspondant des b\u00e9n\u00e9ficiaires retrait\u00e9s Bruno DESPAGNE Correspondants dans les structures Structure Correspondant Email ASP Catherine GUILLEMINLaurence HURAUX BASTIENAntoine RICAULT catherine.guillemin@asp-public.fr laurence.huraux@asp-public.fr antoine.ricault@asp-public.fr DDETSPP 51 Manuel GILVal\u00e9rie PETIT manuel.gil@marne.gouv.fr valerie-e.petit@marne.gouv.fr &hellip; Continuer la lecture de Votre ASMA &rarr;\" \/>\n<meta property=\"og:url\" content=\"https:\/\/asma-51.fr\/index.php\/votre-asma\/\" \/>\n<meta property=\"og:site_name\" content=\"ASMA de la Marne\" \/>\n<meta property=\"article:modified_time\" content=\"2026-02-12T13:42:47+00:00\" \/>\n<meta name=\"twitter:card\" content=\"summary_large_image\" \/>\n<meta name=\"twitter:label1\" content=\"Dur\u00e9e de lecture estim\u00e9e\" \/>\n\t<meta name=\"twitter:data1\" content=\"1 minute\" \/>\n<script type=\"application\/ld+json\" class=\"yoast-schema-graph\">{\"@context\":\"https:\/\/schema.org\",\"@graph\":[{\"@type\":\"WebPage\",\"@id\":\"https:\/\/asma-51.fr\/index.php\/votre-asma\/\",\"url\":\"https:\/\/asma-51.fr\/index.php\/votre-asma\/\",\"name\":\"Votre ASMA - ASMA de la Marne\",\"isPartOf\":{\"@id\":\"https:\/\/asma-51.fr\/#website\"},\"datePublished\":\"2021-11-03T09:07:46+00:00\",\"dateModified\":\"2026-02-12T13:42:47+00:00\",\"breadcrumb\":{\"@id\":\"https:\/\/asma-51.fr\/index.php\/votre-asma\/#breadcrumb\"},\"inLanguage\":\"fr-FR\",\"potentialAction\":[{\"@type\":\"ReadAction\",\"target\":[\"https:\/\/asma-51.fr\/index.php\/votre-asma\/\"]}]},{\"@type\":\"BreadcrumbList\",\"@id\":\"https:\/\/asma-51.fr\/index.php\/votre-asma\/#breadcrumb\",\"itemListElement\":[{\"@type\":\"ListItem\",\"position\":1,\"name\":\"Accueil\",\"item\":\"https:\/\/asma-51.fr\/\"},{\"@type\":\"ListItem\",\"position\":2,\"name\":\"Votre ASMA\"}]},{\"@type\":\"WebSite\",\"@id\":\"https:\/\/asma-51.fr\/#website\",\"url\":\"https:\/\/asma-51.fr\/\",\"name\":\"ASMA de la Marne\",\"description\":\"Association d\u00e9partementale d&#039;action sociale, culturelle, sportive et de loisirs des personnels du minist\u00e8re en charge de l&#039;agriculture\",\"publisher\":{\"@id\":\"https:\/\/asma-51.fr\/#organization\"},\"potentialAction\":[{\"@type\":\"SearchAction\",\"target\":{\"@type\":\"EntryPoint\",\"urlTemplate\":\"https:\/\/asma-51.fr\/?s={search_term_string}\"},\"query-input\":{\"@type\":\"PropertyValueSpecification\",\"valueRequired\":true,\"valueName\":\"search_term_string\"}}],\"inLanguage\":\"fr-FR\"},{\"@type\":\"Organization\",\"@id\":\"https:\/\/asma-51.fr\/#organization\",\"name\":\"ASMA de la Marne\",\"url\":\"https:\/\/asma-51.fr\/\",\"logo\":{\"@type\":\"ImageObject\",\"inLanguage\":\"fr-FR\",\"@id\":\"https:\/\/asma-51.fr\/#\/schema\/logo\/image\/\",\"url\":\"https:\/\/asma-51.fr\/wp-content\/uploads\/2021\/11\/chocolats-scaled.jpg\",\"contentUrl\":\"https:\/\/asma-51.fr\/wp-content\/uploads\/2021\/11\/chocolats-scaled.jpg\",\"width\":2560,\"height\":1707,\"caption\":\"ASMA de la Marne\"},\"image\":{\"@id\":\"https:\/\/asma-51.fr\/#\/schema\/logo\/image\/\"}}]}<\/script>\n<!-- \/ Yoast SEO plugin. -->","yoast_head_json":{"title":"Votre ASMA - ASMA de la Marne","robots":{"index":"index","follow":"follow","max-snippet":"max-snippet:-1","max-image-preview":"max-image-preview:large","max-video-preview":"max-video-preview:-1"},"canonical":"https:\/\/asma-51.fr\/index.php\/votre-asma\/","og_locale":"fr_FR","og_type":"article","og_title":"Votre ASMA - ASMA de la Marne","og_description":"Composition du bureau Pr\u00e9sident Aur\u00e9lien POULOT Vice-pr\u00e9sidente Val\u00e9rie PETIT Vice-pr\u00e9sidente Isabelle DE MAURAIGE Secr\u00e9taire Martine DORANGE Tr\u00e9sori\u00e8re Marion DA CUNHA LOBO Tr\u00e9sorier adjoint David BERTASO Administrateur correspondant des b\u00e9n\u00e9ficiaires retrait\u00e9s Bruno DESPAGNE Correspondants dans les structures Structure Correspondant Email ASP Catherine GUILLEMINLaurence HURAUX BASTIENAntoine RICAULT catherine.guillemin@asp-public.fr laurence.huraux@asp-public.fr antoine.ricault@asp-public.fr DDETSPP 51 Manuel GILVal\u00e9rie PETIT manuel.gil@marne.gouv.fr valerie-e.petit@marne.gouv.fr &hellip; Continuer la lecture de Votre ASMA &rarr;","og_url":"https:\/\/asma-51.fr\/index.php\/votre-asma\/","og_site_name":"ASMA de la Marne","article_modified_time":"2026-02-12T13:42:47+00:00","twitter_card":"summary_large_image","twitter_misc":{"Dur\u00e9e de lecture estim\u00e9e":"1 minute"},"schema":{"@context":"https:\/\/schema.org","@graph":[{"@type":"WebPage","@id":"https:\/\/asma-51.fr\/index.php\/votre-asma\/","url":"https:\/\/asma-51.fr\/index.php\/votre-asma\/","name":"Votre ASMA - ASMA de la Marne","isPartOf":{"@id":"https:\/\/asma-51.fr\/#website"},"datePublished":"2021-11-03T09:07:46+00:00","dateModified":"2026-02-12T13:42:47+00:00","breadcrumb":{"@id":"https:\/\/asma-51.fr\/index.php\/votre-asma\/#breadcrumb"},"inLanguage":"fr-FR","potentialAction":[{"@type":"ReadAction","target":["https:\/\/asma-51.fr\/index.php\/votre-asma\/"]}]},{"@type":"BreadcrumbList","@id":"https:\/\/asma-51.fr\/index.php\/votre-asma\/#breadcrumb","itemListElement":[{"@type":"ListItem","position":1,"name":"Accueil","item":"https:\/\/asma-51.fr\/"},{"@type":"ListItem","position":2,"name":"Votre ASMA"}]},{"@type":"WebSite","@id":"https:\/\/asma-51.fr\/#website","url":"https:\/\/asma-51.fr\/","name":"ASMA de la Marne","description":"Association d\u00e9partementale d&#039;action sociale, culturelle, sportive et de loisirs des personnels du minist\u00e8re en charge de l&#039;agriculture","publisher":{"@id":"https:\/\/asma-51.fr\/#organization"},"potentialAction":[{"@type":"SearchAction","target":{"@type":"EntryPoint","urlTemplate":"https:\/\/asma-51.fr\/?s={search_term_string}"},"query-input":{"@type":"PropertyValueSpecification","valueRequired":true,"valueName":"search_term_string"}}],"inLanguage":"fr-FR"},{"@type":"Organization","@id":"https:\/\/asma-51.fr\/#organization","name":"ASMA de la Marne","url":"https:\/\/asma-51.fr\/","logo":{"@type":"ImageObject","inLanguage":"fr-FR","@id":"https:\/\/asma-51.fr\/#\/schema\/logo\/image\/","url":"https:\/\/asma-51.fr\/wp-content\/uploads\/2021\/11\/chocolats-scaled.jpg","contentUrl":"https:\/\/asma-51.fr\/wp-content\/uploads\/2021\/11\/chocolats-scaled.jpg","width":2560,"height":1707,"caption":"ASMA de la Marne"},"image":{"@id":"https:\/\/asma-51.fr\/#\/schema\/logo\/image\/"}}]}},"_links":{"self":[{"href":"https:\/\/asma-51.fr\/index.php\/wp-json\/wp\/v2\/pages\/144","targetHints":{"allow":["GET"]}}],"collection":[{"href":"https:\/\/asma-51.fr\/index.php\/wp-json\/wp\/v2\/pages"}],"about":[{"href":"https:\/\/asma-51.fr\/index.php\/wp-json\/wp\/v2\/types\/page"}],"author":[{"embeddable":true,"href":"https:\/\/asma-51.fr\/index.php\/wp-json\/wp\/v2\/users\/1"}],"replies":[{"embeddable":true,"href":"https:\/\/asma-51.fr\/index.php\/wp-json\/wp\/v2\/comments?post=144"}],"version-history":[{"count":22,"href":"https:\/\/asma-51.fr\/index.php\/wp-json\/wp\/v2\/pages\/144\/revisions"}],"predecessor-version":[{"id":759,"href":"https:\/\/asma-51.fr\/index.php\/wp-json\/wp\/v2\/pages\/144\/revisions\/759"}],"wp:attachment":[{"href":"https:\/\/asma-51.fr\/index.php\/wp-json\/wp\/v2\/media?parent=144"}],"curies":[{"name":"wp","href":"https:\/\/api.w.org\/{rel}","templated":true}]}}